{"id":10459,"date":"2024-08-17T12:20:21","date_gmt":"2024-08-17T12:20:21","guid":{"rendered":"https:\/\/www.tomassotables.com\/amplier-uitschuifbare-eettafel-donker-eiken-met-zwarte-randen\/"},"modified":"2025-10-26T23:07:56","modified_gmt":"2025-10-26T23:07:56","slug":"amplier-uitschuifbare-eettafel-donker-eiken-met-zwarte-rand-tomasso-tables","status":"publish","type":"product","link":"https:\/\/www.tomassotables.com\/nl\/product\/amplier-uitschuifbare-eettafel-donker-eiken-met-zwarte-randen\/","title":{"rendered":"Amplier Uitschuifbare Eettafel \u2013 Donker Eiken (130\u2192210 cm) met Zwarte Randen"},"content":{"rendered":"<p><!-- Intro hook --><\/p>\n<p><strong>Een compacte eettafel doordeweeks. Ruimte voor iedereen in \u00e9\u00e9n beweging.<\/strong><\/p>\n<p>\nDe Amplier Uitschuifbare Eettafel schuift in seconden van <strong>130 cm naar 210 cm<\/strong>.<br \/>\nDoordeweeks heb je een compacte tafel die weinig ruimte inneemt. Als er mensen aanschuiven,<br \/>\nheb je in \u00e9\u00e9n simpele handeling plek voor een volle avond tafelen.\n<\/p>\n<p>\nDit model heeft een donker eiken blad met strakke <strong>zwarte randen<\/strong> voor extra contrast.<br \/>\nDat geeft een moderne, bijna designstudio-look zonder dat je in de 2000+ euro prijsklasse zit.\n<\/p>\n<p><!-- Waarom mensen voor deze tafel kiezen --><\/p>\n<h3 style=\"margin-top:24px;margin-bottom:12px;font-weight:600;color:#1a1a1a;\">\n  Waarom mensen voor deze tafel kiezen<br \/>\n<\/h3>\n<div style=\"display:flex;align-items:flex-start;column-gap:12px;margin-bottom:14px;max-width:760px;\">\n<div style=\"min-width:20px;max-width:20px;height:20px;line-height:0;flex-shrink:0;color:#0b4e2f;\">\n    <!-- check --><br \/>\n    <svg style=\"display:block;width:20px;height:20px;\" xmlns=\"http:\/\/www.w3.org\/2000\/svg\" fill=\"none\" stroke=\"currentColor\" stroke-width=\"1.8\" stroke-linecap=\"round\" stroke-linejoin=\"round\" viewBox=\"0 0 24 24\">\n      <path d=\"M20 6L9 17l-5-5\"><\/path>\n    <\/svg>\n  <\/div>\n<div style=\"color:#1a1a1a;\">\n    <strong style=\"font-weight:600;color:#1a1a1a;\">Compact wanneer je rust wilt<\/strong> \u2013 Met een blad van ca. 80 cm breed neemt de tafel weinig vloeroppervlak in zolang hij is ingeschoven. Ideaal voor een appartement, woonkeuken of kleinere woonkamer.\n  <\/div>\n<\/div>\n<div style=\"display:flex;align-items:flex-start;column-gap:12px;margin-bottom:14px;max-width:760px;\">\n<div style=\"min-width:20px;max-width:20px;height:20px;line-height:0;flex-shrink:0;color:#0b4e2f;\">\n    <svg style=\"display:block;width:20px;height:20px;\" xmlns=\"http:\/\/www.w3.org\/2000\/svg\" fill=\"none\" stroke=\"currentColor\" stroke-width=\"1.8\" stroke-linecap=\"round\" stroke-linejoin=\"round\" viewBox=\"0 0 24 24\">\n      <path d=\"M20 6L9 17l-5-5\"><\/path>\n    <\/svg>\n  <\/div>\n<div style=\"color:#1a1a1a;\">\n    <strong style=\"font-weight:600;color:#1a1a1a;\">Ruimte voor 4 t\/m 8 personen<\/strong> \u2013 Uitgeschoven tot 210 cm. Je cre\u00ebert in een paar seconden genoeg plek voor eters, spelavonden of feestdagen, zonder gedoe met losse klaptafels.\n  <\/div>\n<\/div>\n<div style=\"display:flex;align-items:flex-start;column-gap:12px;margin-bottom:14px;max-width:760px;\">\n<div style=\"min-width:20px;max-width:20px;height:20px;line-height:0;flex-shrink:0;color:#0b4e2f;\">\n    <svg style=\"display:block;width:20px;height:20px;\" xmlns=\"http:\/\/www.w3.org\/2000\/svg\" fill=\"none\" stroke=\"currentColor\" stroke-width=\"1.8\" stroke-linecap=\"round\" stroke-linejoin=\"round\" viewBox=\"0 0 24 24\">\n      <path d=\"M20 6L9 17l-5-5\"><\/path>\n    <\/svg>\n  <\/div>\n<div style=\"color:#1a1a1a;\">\n    <strong style=\"font-weight:600;color:#1a1a1a;\">Strak donker eiken met zwarte randafwerking<\/strong> \u2013 De donkere houtlook oogt warm en luxe, de zwarte randen geven hem een moderne, grafische lijn. Past goed bij zwart staal, donkere keukens en industri\u00eble woonstijlen.\n  <\/div>\n<\/div>\n<div style=\"display:flex;align-items:flex-start;column-gap:12px;margin-bottom:14px;max-width:760px;\">\n<div style=\"min-width:20px;max-width:20px;height:20px;line-height:0;flex-shrink:0;color:#0b4e2f;\">\n    <svg style=\"display:block;width:20px;height:20px;\" xmlns=\"http:\/\/www.w3.org\/2000\/svg\" fill=\"none\" stroke=\"currentColor\" stroke-width=\"1.8\" stroke-linecap=\"round\" stroke-linejoin=\"round\" viewBox=\"0 0 24 24\">\n      <path d=\"M20 6L9 17l-5-5\"><\/path>\n    <\/svg>\n  <\/div>\n<div style=\"color:#1a1a1a;\">\n    <strong style=\"font-weight:600;color:#1a1a1a;\">Stabiele basis<\/strong> \u2013 Het stevige onderstel zorgt dat de tafel niet wiebelt, ook niet als hij volledig is uitgeschoven. Geen slappe poten, gewoon solide staan.\n  <\/div>\n<\/div>\n<div style=\"display:flex;align-items:flex-start;column-gap:12px;margin-bottom:14px;max-width:760px;\">\n<div style=\"min-width:20px;max-width:20px;height:20px;line-height:0;flex-shrink:0;color:#0b4e2f;\">\n    <svg style=\"display:block;width:20px;height:20px;\" xmlns=\"http:\/\/www.w3.org\/2000\/svg\" fill=\"none\" stroke=\"currentColor\" stroke-width=\"1.8\" stroke-linecap=\"round\" stroke-linejoin=\"round\" viewBox=\"0 0 24 24\">\n      <path d=\"M20 6L9 17l-5-5\"><\/path>\n    <\/svg>\n  <\/div>\n<div style=\"color:#1a1a1a;\">\n    <strong style=\"font-weight:600;color:#1a1a1a;\">Onderhoudsvriendelijke afwerking<\/strong> \u2013 Het donker eiken tafelblad heeft een sterke fineerafwerking die je eenvoudig schoonmaakt met een zachte, licht vochtige doek. Dagelijks gebruik zonder stress.\n  <\/div>\n<\/div>\n<hr style=\"border:0;border-top:1px solid #e5e5e5;margin:24px 0 16px;\">\n<p><!-- Praktische details --><\/p>\n<h3 style=\"margin-bottom:12px;font-weight:600;color:#1a1a1a;\">\n  Praktische details die je vooraf wilt weten<br \/>\n<\/h3>\n<div style=\"display:flex;align-items:flex-start;column-gap:12px;margin-bottom:10px;max-width:760px;\">\n<div style=\"min-width:20px;max-width:20px;height:20px;line-height:0;flex-shrink:0;color:#0b4e2f;\">\n    <!-- maximize-2 \/ maatvoering --><br \/>\n    <svg style=\"display:block;width:20px;height:20px;\" xmlns=\"http:\/\/www.w3.org\/2000\/svg\" fill=\"none\" stroke=\"currentColor\" stroke-width=\"1.8\" stroke-linecap=\"round\" stroke-linejoin=\"round\" viewBox=\"0 0 24 24\">\n      <path d=\"M15 3h6v6\"><\/path>\n      <path d=\"M9 21H3v-6\"><\/path>\n      <path d=\"M21 3l-7.5 7.5\"><\/path>\n      <path d=\"M3 21l7.5-7.5\"><\/path>\n    <\/svg>\n  <\/div>\n<div style=\"color:#1a1a1a;\">\n    <strong style=\"font-weight:600;color:#1a1a1a;\">Afmetingen:<\/strong> L 130\u2013210 \u00d7 B 80 \u00d7 H 75\/76 cm\n  <\/div>\n<\/div>\n<div style=\"display:flex;align-items:flex-start;column-gap:12px;margin-bottom:10px;max-width:760px;\">\n<div style=\"min-width:20px;max-width:20px;height:20px;line-height:0;flex-shrink:0;color:#0b4e2f;\">\n    <!-- users --><br \/>\n    <svg style=\"display:block;width:20px;height:20px;\" xmlns=\"http:\/\/www.w3.org\/2000\/svg\" fill=\"none\" stroke=\"currentColor\" stroke-width=\"1.8\" stroke-linecap=\"round\" stroke-linejoin=\"round\" viewBox=\"0 0 24 24\">\n      <path d=\"M16 21v-2a4 4 0 0 0-4-4H8a4 4 0 0 0-4 4v2\"><\/path>\n      <circle cx=\"12\" cy=\"7\" r=\"4\"><\/circle>\n      <path d=\"M22 21v-2a4 4 0 0 0-3-3.87\"><\/path>\n      <path d=\"M16 3.13a4 4 0 0 1 0 7.75\"><\/path>\n    <\/svg>\n  <\/div>\n<div style=\"color:#1a1a1a;\">\n    <strong style=\"font-weight:600;color:#1a1a1a;\">Zitcapaciteit:<\/strong> 4\u20138 personen (richtlijn \u00b160 cm per persoon aan tafel)\n  <\/div>\n<\/div>\n<div style=\"display:flex;align-items:flex-start;column-gap:12px;margin-bottom:10px;max-width:760px;\">\n<div style=\"min-width:20px;max-width:20px;height:20px;line-height:0;flex-shrink:0;color:#0b4e2f;\">\n    <!-- package = stevig \/ gewicht --><br \/>\n    <svg style=\"display:block;width:20px;height:20px;\" xmlns=\"http:\/\/www.w3.org\/2000\/svg\" fill=\"none\" stroke=\"currentColor\" stroke-width=\"1.8\" stroke-linecap=\"round\" stroke-linejoin=\"round\" viewBox=\"0 0 24 24\">\n      <path d=\"M21 16V8a2 2 0 0 0-1-1.73l-7-4a2 2 0 0 0-2 0l-7 4A2 2 0 0 0 3 8v8a2 2 0 0 0 1 1.73l7 4a2 2 0 0 0 2 0l7-4A2 2 0 0 0 21 16z\"><\/path>\n      <path d=\"M3.3 7.9l8.7 4.35 8.7-4.35\"><\/path>\n      <path d=\"M12 12.25V22\"><\/path>\n    <\/svg>\n  <\/div>\n<div style=\"color:#1a1a1a;\">\n    <strong style=\"font-weight:600;color:#1a1a1a;\">Gewicht:<\/strong> ca. 64 kg \u2013 een solide meubelstuk\n  <\/div>\n<\/div>\n<div style=\"display:flex;align-items:flex-start;column-gap:12px;margin-bottom:10px;max-width:760px;\">\n<div style=\"min-width:20px;max-width:20px;height:20px;line-height:0;flex-shrink:0;color:#0b4e2f;\">\n    <!-- wrench --><br \/>\n    <svg style=\"display:block;width:20px;height:20px;\" xmlns=\"http:\/\/www.w3.org\/2000\/svg\" fill=\"none\" stroke=\"currentColor\" stroke-width=\"1.8\" stroke-linecap=\"round\" stroke-linejoin=\"round\" viewBox=\"0 0 24 24\">\n      <path d=\"M14.7 6.3a5 5 0 0 0-6.4 6.4l-5 5a2 2 0 0 0 2.8 2.8l5-5a5 5 0 0 0 6.4-6.4z\"><\/path>\n    <\/svg>\n  <\/div>\n<div style=\"color:#1a1a1a;\">\n    <strong style=\"font-weight:600;color:#1a1a1a;\">Montage:<\/strong> geleverd als bouwpakket. Reken op \u00b130 minuten met 2 personen. Basisgereedschap zit erbij.\n  <\/div>\n<\/div>\n<div style=\"display:flex;align-items:flex-start;column-gap:12px;margin-bottom:10px;max-width:760px;\">\n<div style=\"min-width:20px;max-width:20px;height:20px;line-height:0;flex-shrink:0;color:#0b4e2f;\">\n    <!-- truck --><br \/>\n    <svg style=\"display:block;width:20px;height:20px;\" xmlns=\"http:\/\/www.w3.org\/2000\/svg\" fill=\"none\" stroke=\"currentColor\" stroke-width=\"1.8\" stroke-linecap=\"round\" stroke-linejoin=\"round\" viewBox=\"0 0 24 24\">\n      <path d=\"M10 17h4V5H2v12h2\"><\/path>\n      <path d=\"M14 17h2a2 2 0 1 0 4 0h2v-5.5L18 9h-4\"><\/path>\n      <circle cx=\"6.5\" cy=\"17.5\" r=\"2.5\"><\/circle>\n      <circle cx=\"17.5\" cy=\"17.5\" r=\"2.5\"><\/circle>\n    <\/svg>\n  <\/div>\n<div style=\"color:#1a1a1a;\">\n    <strong style=\"font-weight:600;color:#1a1a1a;\">Levering:<\/strong> beschikbaar, levering doorgaans binnen 2\u20133 weken\n  <\/div>\n<\/div>\n<hr style=\"border:0;border-top:1px solid #e5e5e5;margin:24px 0 16px;\">\n<p><!-- Bezorging & service --><\/p>\n<h3 style=\"margin-bottom:12px;font-weight:600;color:#1a1a1a;\">\n  Bezorging &amp; service<br \/>\n<\/h3>\n<div style=\"display:flex;align-items:flex-start;column-gap:12px;margin-bottom:14px;max-width:760px;\">\n<div style=\"min-width:20px;max-width:20px;height:20px;line-height:0;flex-shrink:0;color:#0b4e2f;\">\n    <!-- truck --><br \/>\n    <svg style=\"display:block;width:20px;height:20px;\" xmlns=\"http:\/\/www.w3.org\/2000\/svg\" fill=\"none\" stroke=\"currentColor\" stroke-width=\"1.8\" stroke-linecap=\"round\" stroke-linejoin=\"round\" viewBox=\"0 0 24 24\">\n      <path d=\"M10 17h4V5H2v12h2\"><\/path>\n      <path d=\"M14 17h2a2 2 0 1 0 4 0h2v-5.5L18 9h-4\"><\/path>\n      <circle cx=\"6.5\" cy=\"17.5\" r=\"2.5\"><\/circle>\n      <circle cx=\"17.5\" cy=\"17.5\" r=\"2.5\"><\/circle>\n    <\/svg>\n  <\/div>\n<div style=\"color:#1a1a1a;\">\n    <strong style=\"font-weight:600;color:#1a1a1a;\">Gratis of verzekerde verzending<\/strong> binnen Nederland &amp; Belgi\u00eb, altijd met tracking.\n  <\/div>\n<\/div>\n<div style=\"display:flex;align-items:flex-start;column-gap:12px;margin-bottom:14px;max-width:760px;\">\n<div style=\"min-width:20px;max-width:20px;height:20px;line-height:0;flex-shrink:0;color:#0b4e2f;\">\n    <!-- calendar-clock --><br \/>\n    <svg style=\"display:block;width:20px;height:20px;\" xmlns=\"http:\/\/www.w3.org\/2000\/svg\" fill=\"none\" stroke=\"currentColor\" stroke-width=\"1.8\" stroke-linecap=\"round\" stroke-linejoin=\"round\" viewBox=\"0 0 24 24\">\n      <rect x=\"3\" y=\"4\" width=\"18\" height=\"18\" rx=\"2\"><\/rect>\n      <path d=\"M8 2v4\"><\/path>\n      <path d=\"M16 2v4\"><\/path>\n      <path d=\"M3 10h18\"><\/path>\n      <circle cx=\"16\" cy=\"16\" r=\"4\"><\/circle>\n      <path d=\"M16 14v2l1 1\"><\/path>\n    <\/svg>\n  <\/div>\n<div style=\"color:#1a1a1a;\">\n    Je krijgt vooraf een <strong style=\"font-weight:600;color:#1a1a1a;\">bezorgafspraak met een 3\u20134 uur tijdvak<\/strong> en op de dag zelf updates.\n  <\/div>\n<\/div>\n<div style=\"display:flex;align-items:flex-start;column-gap:12px;margin-bottom:14px;max-width:760px;\">\n<div style=\"min-width:20px;max-width:20px;height:20px;line-height:0;flex-shrink:0;color:#0b4e2f;\">\n    <!-- home --><br \/>\n    <svg style=\"display:block;width:20px;height:20px;\" xmlns=\"http:\/\/www.w3.org\/2000\/svg\" fill=\"none\" stroke=\"currentColor\" stroke-width=\"1.8\" stroke-linecap=\"round\" stroke-linejoin=\"round\" viewBox=\"0 0 24 24\">\n      <path d=\"M3 9l9-7 9 7\"><\/path>\n      <path d=\"M9 22V12h6v10\"><\/path>\n      <path d=\"M2 22h20\"><\/path>\n    <\/svg>\n  <\/div>\n<div style=\"color:#1a1a1a;\">\n    <strong style=\"font-weight:600;color:#1a1a1a;\">Altijd geleverd tot aan je voordeur.<\/strong> Dit is een zwaar pakket (\u00b164 kg): regel iemand die kan helpen tillen naar binnen.\n  <\/div>\n<\/div>\n<hr style=\"border:0;border-top:1px solid #e5e5e5;margin:24px 0 16px;\">\n<p><!-- Zekerheid na aankoop --><\/p>\n<h3 style=\"margin-bottom:12px;font-weight:600;color:#1a1a1a;\">\n  Zekerheid na aankoop<br \/>\n<\/h3>\n<div style=\"display:flex;align-items:flex-start;column-gap:12px;margin-bottom:14px;max-width:760px;\">\n<div style=\"min-width:20px;max-width:20px;height:20px;line-height:0;flex-shrink:0;color:#0b4e2f;\">\n    <!-- rotate-ccw --><br \/>\n    <svg style=\"display:block;width:20px;height:20px;\" xmlns=\"http:\/\/www.w3.org\/2000\/svg\" fill=\"none\" stroke=\"currentColor\" stroke-width=\"1.8\" stroke-linecap=\"round\" stroke-linejoin=\"round\" viewBox=\"0 0 24 24\">\n      <path d=\"M3 2v6h6\"><\/path>\n      <path d=\"M3.05 11A9 9 0 1 0 9 3.34\"><\/path>\n    <\/svg>\n  <\/div>\n<div style=\"color:#1a1a1a;\">\n    <strong style=\"font-weight:600;color:#1a1a1a;\">30 dagen bedenktijd<\/strong> \u2013 past het toch niet bij je interieur? Meld je retour binnen 30 dagen.\n  <\/div>\n<\/div>\n<div style=\"display:flex;align-items:flex-start;column-gap:12px;margin-bottom:14px;max-width:760px;\">\n<div style=\"min-width:20px;max-width:20px;height:20px;line-height:0;flex-shrink:0;color:#0b4e2f;\">\n    <!-- shield-check --><br \/>\n    <svg style=\"display:block;width:20px;height:20px;\" xmlns=\"http:\/\/www.w3.org\/2000\/svg\" fill=\"none\" stroke=\"currentColor\" stroke-width=\"1.8\" stroke-linecap=\"round\" stroke-linejoin=\"round\" viewBox=\"0 0 24 24\">\n      <path d=\"M12 22s8-4 8-10V5l-8-3-8 3v7c0 6 8 10 8 10z\"><\/path>\n      <path d=\"M9 12l2 2 4-4\"><\/path>\n    <\/svg>\n  <\/div>\n<div style=\"color:#1a1a1a;\">\n    <strong style=\"font-weight:600;color:#1a1a1a;\">2 jaar garantie<\/strong> op materiaal- en fabricagefouten. We herstellen of vervangen zonder gedoe.\n  <\/div>\n<\/div>\n<div style=\"display:flex;align-items:flex-start;column-gap:12px;margin-bottom:14px;max-width:760px;\">\n<div style=\"min-width:20px;max-width:20px;height:20px;line-height:0;flex-shrink:0;color:#0b4e2f;\">\n    <!-- headset\/support --><br \/>\n    <svg style=\"display:block;width:20px;height:20px;\" xmlns=\"http:\/\/www.w3.org\/2000\/svg\" fill=\"none\" stroke=\"currentColor\" stroke-width=\"1.8\" stroke-linecap=\"round\" stroke-linejoin=\"round\" viewBox=\"0 0 24 24\">\n      <path d=\"M3 18v-6a9 9 0 0 1 18 0v6\"><\/path>\n      <path d=\"M21 19a2 2 0 0 1-2 2h-2\"><\/path>\n      <path d=\"M3 19a2 2 0 0 0 2 2h2\"><\/path>\n      <path d=\"M7 19v-3\"><\/path>\n      <path d=\"M17 19v-3\"><\/path>\n    <\/svg>\n  <\/div>\n<div style=\"color:#1a1a1a;\">\n    <strong style=\"font-weight:600;color:#1a1a1a;\">Klantenservice die bereikbaar blijft<\/strong> v\u00f3\u00f3r \u00e9n na levering \u2013 totdat jij echt tevreden bent.\n  <\/div>\n<\/div>\n<hr style=\"border:0;border-top:1px solid #e5e5e5;margin:24px 0 16px;\">\n<p><!-- In de doos --><\/p>\n<h3 style=\"margin-bottom:12px;font-weight:600;color:#1a1a1a;\">\n  In de doos<br \/>\n<\/h3>\n<div style=\"display:flex;align-items:flex-start;column-gap:12px;margin-bottom:10px;max-width:760px;\">\n<div style=\"min-width:20px;max-width:20px;height:20px;line-height:0;flex-shrink:0;color:#0b4e2f;\">\n    <!-- package --><br \/>\n    <svg style=\"display:block;width:20px;height:20px;\" xmlns=\"http:\/\/www.w3.org\/2000\/svg\" fill=\"none\" stroke=\"currentColor\" stroke-width=\"1.8\" stroke-linecap=\"round\" stroke-linejoin=\"round\" viewBox=\"0 0 24 24\">\n      <path d=\"M21 16V8a2 2 0 0 0-1-1.73l-7-4a2 2 0 0 0-2 0l-7 4A2 2 0 0 0 3 8v8a2 2 0 0 0 1 1.73l7 4a2 2 0 0 0 2 0l7-4A2 2 0 0 0 21 16z\"><\/path>\n      <path d=\"M3.3 7.9l8.7 4.35 8.7-4.35\"><\/path>\n      <path d=\"M12 12.25V22\"><\/path>\n    <\/svg>\n  <\/div>\n<div style=\"color:#1a1a1a;\">\n    1\u00d7 Amplier Uitschuifbare Eettafel (blad + onderstel + uitschuifmechanisme met zwarte randafwerking)\n  <\/div>\n<\/div>\n<div style=\"display:flex;align-items:flex-start;column-gap:12px;margin-bottom:10px;max-width:760px;\">\n<div style=\"min-width:20px;max-width:20px;height:20px;line-height:0;flex-shrink:0;color:#0b4e2f;\">\n    <svg style=\"display:block;width:20px;height:20px;\" xmlns=\"http:\/\/www.w3.org\/2000\/svg\" fill=\"none\" stroke=\"currentColor\" stroke-width=\"1.8\" stroke-linecap=\"round\" stroke-linejoin=\"round\" viewBox=\"0 0 24 24\">\n      <path d=\"M21 16V8a2 2 0 0 0-1-1.73l-7-4a2 2 0 0 0-2 0l-7 4A2 2 0 0 0 3 8v8a2 2 0 0 0 1 1.73l7 4a2 2 0 0 0 2 0l7-4A2 2 0 0 0 21 16z\"><\/path>\n      <path d=\"M3.3 7.9l8.7 4.35 8.7-4.35\"><\/path>\n      <path d=\"M12 12.25V22\"><\/path>\n    <\/svg>\n  <\/div>\n<div style=\"color:#1a1a1a;\">\n    Montageset\n  <\/div>\n<\/div>\n<div style=\"display:flex;align-items:flex-start;column-gap:12px;margin-bottom:10px;max-width:760px;\">\n<div style=\"min-width:20px;max-width:20px;height:20px;line-height:0;flex-shrink:0;color:#0b4e2f;\">\n    <svg style=\"display:block;width:20px;height:20px;\" xmlns=\"http:\/\/www.w3.org\/2000\/svg\" fill=\"none\" stroke=\"currentColor\" stroke-width=\"1.8\" stroke-linecap=\"round\" stroke-linejoin=\"round\" viewBox=\"0 0 24 24\">\n      <path d=\"M21 16V8a2 2 0 0 0-1-1.73l-7-4a2 2 0 0 0-2 0l-7 4A2 2 0 0 0 3 8v8a2 2 0 0 0 1 1.73l7 4a2 2 0 0 0 2 0l7-4A2 2 0 0 0 21 16z\"><\/path>\n      <path d=\"M3.3 7.9l8.7 4.35 8.7-4.35\"><\/path>\n      <path d=\"M12 12.25V22\"><\/path>\n    <\/svg>\n  <\/div>\n<div style=\"color:#1a1a1a;\">\n    Handleiding in begrijpelijke stappen\n  <\/div>\n<\/div>\n<p style=\"margin-top:24px;color:#4a4a4a;\">\nDit is een tafel die je dagelijks kunt gebruiken zonder voorzichtig te hoeven doen \u2013 maar die ook in 1 klik door kan als er mensen blijven eten. Warm donker eiken, scherpe zwarte randen, praktisch in onderhoud.<\/p>\n","protected":false},"excerpt":{"rendered":"<p>Een compacte eettafel doordeweeks. Ruimte voor iedereen in \u00e9\u00e9n beweging. De Amplier Uitschuifbare Eettafel schuift in seconden van 130 cm naar 210 cm&#8230;.<\/p>\n","protected":false},"featured_media":26834,"comment_status":"closed","ping_status":"closed","template":"","meta":{"_acf_changed":false},"product_cat":[311,315,283,290,293,352,434,296,291,21],"product_tag":[],"class_list":{"0":"post-10459","1":"product","2":"type-product","3":"status-publish","4":"has-post-thumbnail","6":"product_cat-smal","7":"product_cat-8-personen","8":"product_cat-houten","9":"product_cat-industrieel","10":"product_cat-klein","11":"product_cat-rechthoekig","12":"product_cat-industrieel-2","13":"product_cat-uitschuifbaar","14":"product_cat-zwart-eettafels","15":"product_cat-eettafels","17":"first","18":"instock","19":"sale","20":"taxable","21":"shipping-taxable","22":"purchasable","23":"product-type-simple","24":"add-to-wishlist-before_image"},"acf":[],"yoast_head":"<!-- This site is optimized with the Yoast SEO Premium plugin v23.9 (Yoast SEO v23.9) - https:\/\/yoast.com\/wordpress\/plugins\/seo\/ -->\n<title>Amplier Uitschuifbare Eettafel \u2013 Donker Eiken (130\u2192210 cm) met Zwarte Randen &#8211; Tomasso Tables<\/title>\n<meta name=\"description\" content=\"Stoere uitschuifbare eettafel met donker eiken blad, zwarte randafwerking en stevig frame. Snel extra plek aan tafel. Gratis levering in NL &amp; BE en 2 jaar garantie.\" \/>\n<meta name=\"robots\" content=\"index, follow, max-snippet:-1, max-image-preview:large, max-video-preview:-1\" \/>\n<link rel=\"canonical\" href=\"https:\/\/www.tomassotables.com\/en\/product\/amplier-uitschuifbare-eettafel-donker-eiken-met-zwarte-randen\/\" \/>\n<meta property=\"og:locale\" content=\"en_US\" \/>\n<meta property=\"og:type\" content=\"article\" \/>\n<meta property=\"og:title\" content=\"Amplier Uitschuifbare Eettafel \u2013 Donker Eiken (130\u2192210 cm) met Zwarte Randen &#8211; Tomasso Tables\" \/>\n<meta property=\"og:description\" content=\"Stoere uitschuifbare eettafel met donker eiken blad, zwarte randafwerking en stevig frame. Snel extra plek aan tafel. Gratis levering in NL &amp; BE en 2 jaar garantie.\" \/>\n<meta property=\"og:url\" content=\"https:\/\/www.tomassotables.com\/nl\/product\/amplier-uitschuifbare-eettafel-donker-eiken-met-zwarte-randen\/\" \/>\n<meta property=\"og:site_name\" content=\"Tomasso Tables\" \/>\n<meta property=\"article:publisher\" content=\"https:\/\/www.facebook.com\/tomassotables\/\" \/>\n<meta property=\"article:modified_time\" content=\"2025-10-26T23:07:56+00:00\" \/>\n<meta property=\"og:image\" content=\"https:\/\/www.tomassotables.com\/wp-content\/uploads\/2024\/08\/universal_upscale_0_72f0cea7-2b59-4e4f-8533-9e41f2061bdf_0.webp\" \/>\n\t<meta property=\"og:image:width\" content=\"1600\" \/>\n\t<meta property=\"og:image:height\" content=\"1042\" \/>\n\t<meta property=\"og:image:type\" content=\"image\/webp\" \/>\n<meta name=\"twitter:card\" content=\"summary_large_image\" \/>\n<meta name=\"twitter:label1\" content=\"Est. reading time\" \/>\n\t<meta name=\"twitter:data1\" content=\"3 minutes\" \/>\n<script type=\"application\/ld+json\" class=\"yoast-schema-graph\">{\"@context\":\"https:\/\/schema.org\",\"@graph\":[{\"@type\":\"WebPage\",\"@id\":\"https:\/\/www.tomassotables.com\/nl\/product\/amplier-uitschuifbare-eettafel-donker-eiken-met-zwarte-randen\/\",\"url\":\"https:\/\/www.tomassotables.com\/nl\/product\/amplier-uitschuifbare-eettafel-donker-eiken-met-zwarte-randen\/\",\"name\":\"Amplier Uitschuifbare Eettafel \u2013 Donker Eiken (130\u2192210 cm) met Zwarte Randen &#8211; Tomasso Tables\",\"isPartOf\":{\"@id\":\"https:\/\/www.tomassotables.com\/en\/#website\"},\"primaryImageOfPage\":{\"@id\":\"https:\/\/www.tomassotables.com\/nl\/product\/amplier-uitschuifbare-eettafel-donker-eiken-met-zwarte-randen\/#primaryimage\"},\"image\":{\"@id\":\"https:\/\/www.tomassotables.com\/nl\/product\/amplier-uitschuifbare-eettafel-donker-eiken-met-zwarte-randen\/#primaryimage\"},\"thumbnailUrl\":\"https:\/\/www.tomassotables.com\/wp-content\/uploads\/2024\/08\/universal_upscale_0_72f0cea7-2b59-4e4f-8533-9e41f2061bdf_0.webp\",\"datePublished\":\"2024-08-17T12:20:21+00:00\",\"dateModified\":\"2025-10-26T23:07:56+00:00\",\"description\":\"Stoere uitschuifbare eettafel met donker eiken blad, zwarte randafwerking en stevig frame. Snel extra plek aan tafel. Gratis levering in NL & BE en 2 jaar garantie.\",\"breadcrumb\":{\"@id\":\"https:\/\/www.tomassotables.com\/nl\/product\/amplier-uitschuifbare-eettafel-donker-eiken-met-zwarte-randen\/#breadcrumb\"},\"inLanguage\":\"en-US\",\"potentialAction\":[{\"@type\":\"ReadAction\",\"target\":[\"https:\/\/www.tomassotables.com\/nl\/product\/amplier-uitschuifbare-eettafel-donker-eiken-met-zwarte-randen\/\"]}]},{\"@type\":\"ImageObject\",\"inLanguage\":\"en-US\",\"@id\":\"https:\/\/www.tomassotables.com\/nl\/product\/amplier-uitschuifbare-eettafel-donker-eiken-met-zwarte-randen\/#primaryimage\",\"url\":\"https:\/\/www.tomassotables.com\/wp-content\/uploads\/2024\/08\/universal_upscale_0_72f0cea7-2b59-4e4f-8533-9e41f2061bdf_0.webp\",\"contentUrl\":\"https:\/\/www.tomassotables.com\/wp-content\/uploads\/2024\/08\/universal_upscale_0_72f0cea7-2b59-4e4f-8533-9e41f2061bdf_0.webp\",\"width\":1600,\"height\":1042},{\"@type\":\"BreadcrumbList\",\"@id\":\"https:\/\/www.tomassotables.com\/nl\/product\/amplier-uitschuifbare-eettafel-donker-eiken-met-zwarte-randen\/#breadcrumb\",\"itemListElement\":[{\"@type\":\"ListItem\",\"position\":1,\"name\":\"Shop\",\"item\":\"https:\/\/www.tomassotables.com\/nl\/shop\/\"},{\"@type\":\"ListItem\",\"position\":2,\"name\":\"Amplier Uitschuifbare Eettafel \u2013 Donker Eiken (130\u2192210 cm) met Zwarte Randen\"}]},{\"@type\":\"WebSite\",\"@id\":\"https:\/\/www.tomassotables.com\/en\/#website\",\"url\":\"https:\/\/www.tomassotables.com\/en\/\",\"name\":\"Tomasso Tables\",\"description\":\"\",\"publisher\":{\"@id\":\"https:\/\/www.tomassotables.com\/en\/#organization\"},\"potentialAction\":[{\"@type\":\"SearchAction\",\"target\":{\"@type\":\"EntryPoint\",\"urlTemplate\":\"https:\/\/www.tomassotables.com\/en\/?s={search_term_string}\"},\"query-input\":{\"@type\":\"PropertyValueSpecification\",\"valueRequired\":true,\"valueName\":\"search_term_string\"}}],\"inLanguage\":\"en-US\"},{\"@type\":\"Organization\",\"@id\":\"https:\/\/www.tomassotables.com\/en\/#organization\",\"name\":\"Tomasso Tables B.V.\",\"url\":\"https:\/\/www.tomassotables.com\/en\/\",\"logo\":{\"@type\":\"ImageObject\",\"inLanguage\":\"en-US\",\"@id\":\"https:\/\/www.tomassotables.com\/en\/#\/schema\/logo\/image\/\",\"url\":null,\"contentUrl\":null,\"width\":null,\"height\":null,\"caption\":\"Tomasso Tables B.V.\"},\"image\":{\"@id\":\"https:\/\/www.tomassotables.com\/en\/#\/schema\/logo\/image\/\"},\"sameAs\":[\"https:\/\/www.facebook.com\/tomassotables\/\",\"https:\/\/www.instagram.com\/tomassotables\/\",\"https:\/\/nl.pinterest.com\/tomassotables\/\"]}]}<\/script>\n<!-- \/ Yoast SEO Premium plugin. -->","yoast_head_json":{"title":"Amplier Uitschuifbare Eettafel \u2013 Donker Eiken (130\u2192210 cm) met Zwarte Randen &#8211; Tomasso Tables","description":"Stoere uitschuifbare eettafel met donker eiken blad, zwarte randafwerking en stevig frame. Snel extra plek aan tafel. Gratis levering in NL & BE en 2 jaar garantie.","robots":{"index":"index","follow":"follow","max-snippet":"max-snippet:-1","max-image-preview":"max-image-preview:large","max-video-preview":"max-video-preview:-1"},"canonical":"https:\/\/www.tomassotables.com\/en\/product\/amplier-uitschuifbare-eettafel-donker-eiken-met-zwarte-randen\/","og_locale":"en_US","og_type":"article","og_title":"Amplier Uitschuifbare Eettafel \u2013 Donker Eiken (130\u2192210 cm) met Zwarte Randen &#8211; Tomasso Tables","og_description":"Stoere uitschuifbare eettafel met donker eiken blad, zwarte randafwerking en stevig frame. Snel extra plek aan tafel. Gratis levering in NL & BE en 2 jaar garantie.","og_url":"https:\/\/www.tomassotables.com\/nl\/product\/amplier-uitschuifbare-eettafel-donker-eiken-met-zwarte-randen\/","og_site_name":"Tomasso Tables","article_publisher":"https:\/\/www.facebook.com\/tomassotables\/","article_modified_time":"2025-10-26T23:07:56+00:00","og_image":[{"width":1600,"height":1042,"url":"https:\/\/www.tomassotables.com\/wp-content\/uploads\/2024\/08\/universal_upscale_0_72f0cea7-2b59-4e4f-8533-9e41f2061bdf_0.webp","type":"image\/webp"}],"twitter_card":"summary_large_image","twitter_misc":{"Est. reading time":"3 minutes"},"schema":{"@context":"https:\/\/schema.org","@graph":[{"@type":"WebPage","@id":"https:\/\/www.tomassotables.com\/nl\/product\/amplier-uitschuifbare-eettafel-donker-eiken-met-zwarte-randen\/","url":"https:\/\/www.tomassotables.com\/nl\/product\/amplier-uitschuifbare-eettafel-donker-eiken-met-zwarte-randen\/","name":"Amplier Uitschuifbare Eettafel \u2013 Donker Eiken (130\u2192210 cm) met Zwarte Randen &#8211; Tomasso Tables","isPartOf":{"@id":"https:\/\/www.tomassotables.com\/en\/#website"},"primaryImageOfPage":{"@id":"https:\/\/www.tomassotables.com\/nl\/product\/amplier-uitschuifbare-eettafel-donker-eiken-met-zwarte-randen\/#primaryimage"},"image":{"@id":"https:\/\/www.tomassotables.com\/nl\/product\/amplier-uitschuifbare-eettafel-donker-eiken-met-zwarte-randen\/#primaryimage"},"thumbnailUrl":"https:\/\/www.tomassotables.com\/wp-content\/uploads\/2024\/08\/universal_upscale_0_72f0cea7-2b59-4e4f-8533-9e41f2061bdf_0.webp","datePublished":"2024-08-17T12:20:21+00:00","dateModified":"2025-10-26T23:07:56+00:00","description":"Stoere uitschuifbare eettafel met donker eiken blad, zwarte randafwerking en stevig frame. Snel extra plek aan tafel. Gratis levering in NL & BE en 2 jaar garantie.","breadcrumb":{"@id":"https:\/\/www.tomassotables.com\/nl\/product\/amplier-uitschuifbare-eettafel-donker-eiken-met-zwarte-randen\/#breadcrumb"},"inLanguage":"en-US","potentialAction":[{"@type":"ReadAction","target":["https:\/\/www.tomassotables.com\/nl\/product\/amplier-uitschuifbare-eettafel-donker-eiken-met-zwarte-randen\/"]}]},{"@type":"ImageObject","inLanguage":"en-US","@id":"https:\/\/www.tomassotables.com\/nl\/product\/amplier-uitschuifbare-eettafel-donker-eiken-met-zwarte-randen\/#primaryimage","url":"https:\/\/www.tomassotables.com\/wp-content\/uploads\/2024\/08\/universal_upscale_0_72f0cea7-2b59-4e4f-8533-9e41f2061bdf_0.webp","contentUrl":"https:\/\/www.tomassotables.com\/wp-content\/uploads\/2024\/08\/universal_upscale_0_72f0cea7-2b59-4e4f-8533-9e41f2061bdf_0.webp","width":1600,"height":1042},{"@type":"BreadcrumbList","@id":"https:\/\/www.tomassotables.com\/nl\/product\/amplier-uitschuifbare-eettafel-donker-eiken-met-zwarte-randen\/#breadcrumb","itemListElement":[{"@type":"ListItem","position":1,"name":"Shop","item":"https:\/\/www.tomassotables.com\/nl\/shop\/"},{"@type":"ListItem","position":2,"name":"Amplier Uitschuifbare Eettafel \u2013 Donker Eiken (130\u2192210 cm) met Zwarte Randen"}]},{"@type":"WebSite","@id":"https:\/\/www.tomassotables.com\/en\/#website","url":"https:\/\/www.tomassotables.com\/en\/","name":"Tomasso Tables","description":"","publisher":{"@id":"https:\/\/www.tomassotables.com\/en\/#organization"},"potentialAction":[{"@type":"SearchAction","target":{"@type":"EntryPoint","urlTemplate":"https:\/\/www.tomassotables.com\/en\/?s={search_term_string}"},"query-input":{"@type":"PropertyValueSpecification","valueRequired":true,"valueName":"search_term_string"}}],"inLanguage":"en-US"},{"@type":"Organization","@id":"https:\/\/www.tomassotables.com\/en\/#organization","name":"Tomasso Tables B.V.","url":"https:\/\/www.tomassotables.com\/en\/","logo":{"@type":"ImageObject","inLanguage":"en-US","@id":"https:\/\/www.tomassotables.com\/en\/#\/schema\/logo\/image\/","url":null,"contentUrl":null,"width":null,"height":null,"caption":"Tomasso Tables B.V."},"image":{"@id":"https:\/\/www.tomassotables.com\/en\/#\/schema\/logo\/image\/"},"sameAs":["https:\/\/www.facebook.com\/tomassotables\/","https:\/\/www.instagram.com\/tomassotables\/","https:\/\/nl.pinterest.com\/tomassotables\/"]}]}},"_links":{"self":[{"href":"https:\/\/www.tomassotables.com\/en\/wp-json\/wp\/v2\/product\/10459","targetHints":{"allow":["GET"]}}],"collection":[{"href":"https:\/\/www.tomassotables.com\/en\/wp-json\/wp\/v2\/product"}],"about":[{"href":"https:\/\/www.tomassotables.com\/en\/wp-json\/wp\/v2\/types\/product"}],"replies":[{"embeddable":true,"href":"https:\/\/www.tomassotables.com\/en\/wp-json\/wp\/v2\/comments?post=10459"}],"wp:featuredmedia":[{"embeddable":true,"href":"https:\/\/www.tomassotables.com\/en\/wp-json\/wp\/v2\/media\/26834"}],"wp:attachment":[{"href":"https:\/\/www.tomassotables.com\/en\/wp-json\/wp\/v2\/media?parent=10459"}],"wp:term":[{"taxonomy":"product_cat","embeddable":true,"href":"https:\/\/www.tomassotables.com\/en\/wp-json\/wp\/v2\/product_cat?post=10459"},{"taxonomy":"product_tag","embeddable":true,"href":"https:\/\/www.tomassotables.com\/en\/wp-json\/wp\/v2\/product_tag?post=10459"}],"curies":[{"name":"wp","href":"https:\/\/api.w.org\/{rel}","templated":true}]}}